{"id":6001,"date":"2017-03-08T11:29:05","date_gmt":"2017-03-08T10:29:05","guid":{"rendered":"http:\/\/www.sankturban.de\/?page_id=6001"},"modified":"2017-03-14T17:39:34","modified_gmt":"2017-03-14T16:39:34","slug":"beichte","status":"publish","type":"page","link":"https:\/\/www.sankturban.de\/?page_id=6001","title":{"rendered":"Sakrament der Vers\u00f6hnung \/ Beichte"},"content":{"rendered":"<div>\n<p>F\u00fcr das Sakrament der S\u00fcndenvergebung und  Vers\u00f6hnung mit Gott verwendet man verschiedene Begriffe: Beichte,  Bu\u00dfsakrament, Sakrament der Vers\u00f6hnung. Gemeint ist mit  unterschiedlicher Akzentuierung dasselbe. \u201eBeichte\u201c akzentuiert das  Bekenntnis der S\u00fcnden, \u201eBu\u00dfe\u201c das Thema der Wiedergutmachung und der  \u00dcbernahme der Verantwortung, \u201eVers\u00f6hnung\u201c die \u00dcberzeugung, dass Gott  auch den S\u00fcnder annimmt und seine S\u00fcnden richtet, d. h. in Ordnung  bringt und vergibt. Beichte und Bu\u00dfe klingen zun\u00e4chst unangenehm, muss  sich der Mensch doch seinen eigenen S\u00fcnden stellen und f\u00fcr seine Schuld  Verantwortung \u00fcbernehmen. Das Bu\u00dfsakrament ist aber gerade das Zeichen  daf\u00fcr, dass Gott sich auch dem schuldig gewordenen Menschen nicht  entzieht, sondern seine Vergebung anbietet.<\/p>\n<p>Durch diese  Vergebung, die der Beichtende durch den Priester von Gott selbst  empf\u00e4ngt, wird der Einzelne mit Gott vers\u00f6hnt, aber auch mit seinen  Mitmenschen, mit der Kirche und der ganzen Sch\u00f6pfung; d. h. ihm wird  zugesagt und erfahrbar gemacht, dass von Gott her seine S\u00fcnde und Schuld  beseitigt sind. Die Situation der Taufe ist wiederhergestellt. So wird  die Gotteskindschaft jedes Getauften in der Beichte erneuert und  gefestigt.<\/p>\n<p><em>(Quelle: www.bistum-eichstaett.de)<br \/>\n<\/em><\/p>\n<p><em><strong>Wenn Sie das Sakrament der Vers\u00f6hnung empfangen wollen, k\u00f6nnen Sie sich gerne \u00fcber eines der Pfarr\u00e4mter an Pfarrer G\u00e4lle wenden und einen Termin zum Beichtgesper\u00e4ch vereinbaren.<\/strong><br \/>\n<strong>Im Advent und in der Fastenzeit besteht au\u00dferdem in der Regel nach jeder Vorabendmesse am Samstag die M\u00f6glichkeit, zu Beichten.<\/strong><br \/>\n<\/em><\/p>\n<\/div>\n","protected":false},"excerpt":{"rendered":"<p>F\u00fcr das Sakrament der S\u00fcndenvergebung und Vers\u00f6hnung mit Gott verwendet man verschiedene Begriffe: Beichte, Bu\u00dfsakrament, Sakrament der Vers\u00f6hnung. Gemeint ist mit unterschiedlicher Akzentuierung dasselbe. \u201eBeichte\u201c akzentuiert das Bekenntnis der S\u00fcnden, \u201eBu\u00dfe\u201c das Thema der Wiedergutmachung und der \u00dcbernahme der Verantwortung, &hellip; <a href=\"https:\/\/www.sankturban.de\/?page_id=6001\">Weiterlesen <span class=\"meta-nav\">&rarr;<\/span><\/a><\/p>\n","protected":false},"author":2,"featured_media":0,"parent":3670,"menu_order":8,"comment_status":"closed","ping_status":"open","template":"","meta":{"footnotes":""},"class_list":["post-6001","page","type-page","status-publish","hentry"],"_links":{"self":[{"href":"https:\/\/www.sankturban.de\/index.php?rest_route=\/wp\/v2\/pages\/6001","targetHints":{"allow":["GET"]}}],"collection":[{"href":"https:\/\/www.sankturban.de\/index.php?rest_route=\/wp\/v2\/pages"}],"about":[{"href":"https:\/\/www.sankturban.de\/index.php?rest_route=\/wp\/v2\/types\/page"}],"author":[{"embeddable":true,"href":"https:\/\/www.sankturban.de\/index.php?rest_route=\/wp\/v2\/users\/2"}],"replies":[{"embeddable":true,"href":"https:\/\/www.sankturban.de\/index.php?rest_route=%2Fwp%2Fv2%2Fcomments&post=6001"}],"version-history":[{"count":5,"href":"https:\/\/www.sankturban.de\/index.php?rest_route=\/wp\/v2\/pages\/6001\/revisions"}],"predecessor-version":[{"id":6050,"href":"https:\/\/www.sankturban.de\/index.php?rest_route=\/wp\/v2\/pages\/6001\/revisions\/6050"}],"up":[{"embeddable":true,"href":"https:\/\/www.sankturban.de\/index.php?rest_route=\/wp\/v2\/pages\/3670"}],"wp:attachment":[{"href":"https:\/\/www.sankturban.de\/index.php?rest_route=%2Fwp%2Fv2%2Fmedia&parent=6001"}],"curies":[{"name":"wp","href":"https:\/\/api.w.org\/{rel}","templated":true}]}}